{"id":3191,"date":"2026-04-07T12:58:32","date_gmt":"2026-04-07T10:58:32","guid":{"rendered":"https:\/\/cafecomercialmadrid.com\/evento\/martin-cuervo-miquel-fernandez-%c2%b7-estrella-damm-music-sessions\/"},"modified":"2026-04-07T12:58:32","modified_gmt":"2026-04-07T10:58:32","slug":"martin-cuervo-miquel-fernandez-%c2%b7-estrella-damm-music-sessions","status":"publish","type":"tribe_events","link":"https:\/\/cafecomercialmadrid.com\/en\/evento\/martin-cuervo-miquel-fernandez-%c2%b7-estrella-damm-music-sessions\/","title":{"rendered":"Mart\u00edn Cuervo &amp; Miquel Fern\u00e1ndez \u00b7 Estrella Damm Music Sessions"},"content":{"rendered":"<div class=\"\">\n<div class=\"\">\n<div class=\"\">\n<p class=\"\">Mart\u00edn Cuervo is a film director and screenwriter who has been singing for as long as he can remember. He released 3 albums under the name Sethler with EMI, Warner and Mushroom Pillow and toured throughout the country. Miquel Fern\u00e1ndez es un actor y cantante que salt\u00f3 a la fama con sus personajes protagonistas de algunos de los mejores musicales de la historia de este pa\u00eds como, por ejemplo, hoy no me puedo levantar. Ambos trabajaron juntos en la pel\u00edcula \u201cLa bandera\u201d y les uni\u00f3 su pasi\u00f3n por la m\u00fasica. Ahora, renuevan su cita con el caf\u00e9 comercial para interpretar versiones muy personales de sus canciones favoritas acompa\u00f1ados de su banda.<\/p>\n<\/div>\n<\/div>\n<\/div>\n","protected":false},"excerpt":{"rendered":"<p>Mart\u00edn Cuervo is a film director and screenwriter who has been singing for as long as he can remember. He released 3 albums under the name Sethler with EMI, Warner [&hellip;]<\/p>\n","protected":false},"author":5,"featured_media":3190,"template":"","meta":{"_tribe_events_status":"","_tribe_events_status_reason":"","_tribe_events_is_hybrid":"","_tribe_events_is_virtual":"","_tribe_events_virtual_video_source":"","_tribe_events_virtual_embed_video":"","_tribe_events_virtual_linked_button_text":"","_tribe_events_virtual_linked_button":"","_tribe_events_virtual_show_embed_at":"","_tribe_events_virtual_show_embed_to":[],"_tribe_events_virtual_show_on_event":"","_tribe_events_virtual_show_on_views":"","_tribe_events_virtual_url":"","footnotes":""},"tags":[],"tribe_events_cat":[31],"class_list":["post-3191","tribe_events","type-tribe_events","status-publish","has-post-thumbnail","hentry","tribe_events_cat-concerts","cat_concerts"],"_links":{"self":[{"href":"https:\/\/cafecomercialmadrid.com\/en\/wp-json\/wp\/v2\/tribe_events\/3191","targetHints":{"allow":["GET"]}}],"collection":[{"href":"https:\/\/cafecomercialmadrid.com\/en\/wp-json\/wp\/v2\/tribe_events"}],"about":[{"href":"https:\/\/cafecomercialmadrid.com\/en\/wp-json\/wp\/v2\/types\/tribe_events"}],"author":[{"embeddable":true,"href":"https:\/\/cafecomercialmadrid.com\/en\/wp-json\/wp\/v2\/users\/5"}],"version-history":[{"count":0,"href":"https:\/\/cafecomercialmadrid.com\/en\/wp-json\/wp\/v2\/tribe_events\/3191\/revisions"}],"wp:featuredmedia":[{"embeddable":true,"href":"https:\/\/cafecomercialmadrid.com\/en\/wp-json\/wp\/v2\/media\/3190"}],"wp:attachment":[{"href":"https:\/\/cafecomercialmadrid.com\/en\/wp-json\/wp\/v2\/media?parent=3191"}],"wp:term":[{"taxonomy":"post_tag","embeddable":true,"href":"https:\/\/cafecomercialmadrid.com\/en\/wp-json\/wp\/v2\/tags?post=3191"},{"taxonomy":"tribe_events_cat","embeddable":true,"href":"https:\/\/cafecomercialmadrid.com\/en\/wp-json\/wp\/v2\/tribe_events_cat?post=3191"}],"curies":[{"name":"wp","href":"https:\/\/api.w.org\/{rel}","templated":true}]}}